{"id":989971,"date":"2025-08-22T16:51:13","date_gmt":"2025-08-22T14:51:13","guid":{"rendered":"https:\/\/mpmedia.at\/franziskaner\/?page_id=989971"},"modified":"2026-02-09T11:33:15","modified_gmt":"2026-02-09T10:33:15","slug":"foerderstruktur-und-supportteam","status":"publish","type":"page","link":"https:\/\/www.fwamstetten.ac.at\/pwa\/ueber-uns\/foerderstruktur-und-supportteam\/","title":{"rendered":"F\u00f6rderstruktur und Supportteam"},"content":{"rendered":"\t\t<div data-elementor-type=\"wp-page\" data-elementor-id=\"989971\" class=\"elementor elementor-989971\" data-elementor-post-type=\"page\">\n\t\t\t\t\t\t<section data-particle_enable=\"false\" data-particle-mobile-disabled=\"false\" class=\"elementor-section elementor-top-section elementor-element elementor-element-0066cca elementor-section-boxed elementor-section-height-default elementor-section-height-default\" data-id=\"0066cca\" data-element_type=\"section\" data-settings=\"{&quot;background_background&quot;:&quot;classic&quot;,&quot;_ha_eqh_enable&quot;:false}\">\n\t\t\t\t\t\t<div class=\"elementor-container elementor-column-gap-default\">\n\t\t\t\t\t<div class=\"elementor-column elementor-col-100 elementor-top-column elementor-element elementor-element-cd4c318\" data-id=\"cd4c318\" data-element_type=\"column\">\n\t\t\t<div class=\"elementor-widget-wrap elementor-element-populated\">\n\t\t\t\t\t\t<div class=\"elementor-element elementor-element-d8c4662 elementor-widget elementor-widget-spacer\" data-id=\"d8c4662\" data-element_type=\"widget\" data-widget_type=\"spacer.default\">\n\t\t\t\t<div class=\"elementor-widget-container\">\n\t\t\t\t\t\t\t<div class=\"elementor-spacer\">\n\t\t\t<div class=\"elementor-spacer-inner\"><\/div>\n\t\t<\/div>\n\t\t\t\t\t\t<\/div>\n\t\t\t\t<\/div>\n\t\t\t\t\t<\/div>\n\t\t<\/div>\n\t\t\t\t\t<\/div>\n\t\t<\/section>\n\t\t\t\t<section data-particle_enable=\"false\" data-particle-mobile-disabled=\"false\" class=\"elementor-section elementor-top-section elementor-element elementor-element-af22d75 elementor-section-boxed elementor-section-height-default elementor-section-height-default\" data-id=\"af22d75\" data-element_type=\"section\" data-settings=\"{&quot;_ha_eqh_enable&quot;:false}\">\n\t\t\t\t\t\t<div class=\"elementor-container elementor-column-gap-default\">\n\t\t\t\t\t<div class=\"elementor-column elementor-col-100 elementor-top-column elementor-element elementor-element-2ab402b\" data-id=\"2ab402b\" data-element_type=\"column\" data-settings=\"{&quot;background_background&quot;:&quot;classic&quot;}\">\n\t\t\t<div class=\"elementor-widget-wrap elementor-element-populated\">\n\t\t\t\t\t\t<div class=\"elementor-element elementor-element-267a414 elementor-widget-mobile__width-inherit elementor-widget elementor-widget-heading\" data-id=\"267a414\" data-element_type=\"widget\" data-settings=\"{&quot;_animation&quot;:&quot;none&quot;,&quot;_animation_tablet&quot;:&quot;none&quot;,&quot;_animation_mobile&quot;:&quot;none&quot;,&quot;motion_fx_motion_fx_scrolling&quot;:&quot;yes&quot;,&quot;motion_fx_translateX_effect&quot;:&quot;yes&quot;,&quot;motion_fx_translateX_direction&quot;:&quot;negative&quot;,&quot;motion_fx_translateX_speed&quot;:{&quot;unit&quot;:&quot;px&quot;,&quot;size&quot;:3,&quot;sizes&quot;:[]},&quot;motion_fx_range&quot;:&quot;viewport&quot;,&quot;motion_fx_translateX_affectedRange&quot;:{&quot;unit&quot;:&quot;%&quot;,&quot;size&quot;:&quot;&quot;,&quot;sizes&quot;:{&quot;start&quot;:0,&quot;end&quot;:100}},&quot;motion_fx_devices&quot;:[&quot;desktop&quot;,&quot;tablet&quot;,&quot;mobile&quot;]}\" data-widget_type=\"heading.default\">\n\t\t\t\t<div class=\"elementor-widget-container\">\n\t\t\t\t\t<h2 class=\"elementor-heading-title elementor-size-default\">F\u00f6rderstruktur und Supportteam<\/h2>\t\t\t\t<\/div>\n\t\t\t\t<\/div>\n\t\t\t\t\t<\/div>\n\t\t<\/div>\n\t\t\t\t\t<\/div>\n\t\t<\/section>\n\t\t<div data-particle_enable=\"false\" data-particle-mobile-disabled=\"false\" class=\"elementor-element elementor-element-6ae8d2a e-flex e-con-boxed elementor-invisible e-con e-parent\" data-id=\"6ae8d2a\" data-element_type=\"container\" data-settings=\"{&quot;animation&quot;:&quot;fadeInUp&quot;,&quot;_ha_eqh_enable&quot;:false}\">\n\t\t\t\t\t<div class=\"e-con-inner\">\n\t\t<div data-particle_enable=\"false\" data-particle-mobile-disabled=\"false\" class=\"elementor-element elementor-element-7425bd8 e-con-full e-flex e-con e-child\" data-id=\"7425bd8\" data-element_type=\"container\" data-settings=\"{&quot;_ha_eqh_enable&quot;:false}\">\n\t\t\t\t<div class=\"elementor-element elementor-element-3503a77 elementor-widget elementor-widget-ha-icon-box happy-addon ha-icon-box\" data-id=\"3503a77\" data-element_type=\"widget\" data-widget_type=\"ha-icon-box.default\">\n\t\t\t\t<div class=\"elementor-widget-container\">\n\t\t\t\n\t\t\n\t\t\t\t\t\t<span class=\"ha-icon-box-icon\">\n\t\t\t\t\t<i class=\"huge huge-body-part-muscle\"><\/i>\t\t\t\t<\/span>\n\t\t<h4 class=\"ha-icon-box-title\">Dein Weg. Deine St\u00e4rke. Unser F\u00f6rdersystem<\/h4>\t\t<\/div>\n\t\t\t\t<\/div>\n\t\t\t\t<\/div>\n\t\t<div data-particle_enable=\"false\" data-particle-mobile-disabled=\"false\" class=\"elementor-element elementor-element-785e626 e-con-full e-flex e-con e-child\" data-id=\"785e626\" data-element_type=\"container\" data-settings=\"{&quot;_ha_eqh_enable&quot;:false}\">\n\t\t\t\t<div class=\"elementor-element elementor-element-14c36ba elementor-widget elementor-widget-text-editor\" data-id=\"14c36ba\" data-element_type=\"widget\" data-widget_type=\"text-editor.default\">\n\t\t\t\t<div class=\"elementor-widget-container\">\n\t\t\t\t\t\t\t\t\t<p>Bei uns bist <strong>du nicht auf dich allein gestellt<\/strong> \u2013 wir unterst\u00fctzen dich dabei, deinen eigenen Lernweg zu finden und zu gehen. Ganz individuell und ohne Umwege.\u2028Unser F\u00f6rdersystem hilft dir dort weiter, wo du es brauchst \u2013 <strong>ohne Extra-Stunden am Nachmittag<\/strong> und ohne Druck.<\/p>\t\t\t\t\t\t\t\t<\/div>\n\t\t\t\t<\/div>\n\t\t\t\t<\/div>\n\t\t\t\t\t<\/div>\n\t\t\t\t<\/div>\n\t\t<div data-particle_enable=\"false\" data-particle-mobile-disabled=\"false\" class=\"elementor-element elementor-element-57691de e-flex e-con-boxed elementor-invisible e-con e-parent\" data-id=\"57691de\" data-element_type=\"container\" data-settings=\"{&quot;background_background&quot;:&quot;classic&quot;,&quot;animation&quot;:&quot;fadeInUp&quot;,&quot;animation_delay&quot;:250,&quot;_ha_eqh_enable&quot;:false}\">\n\t\t\t\t\t<div class=\"e-con-inner\">\n\t\t<div data-particle_enable=\"false\" data-particle-mobile-disabled=\"false\" class=\"elementor-element elementor-element-3b03c41 e-con-full e-flex e-con e-child\" data-id=\"3b03c41\" data-element_type=\"container\" data-settings=\"{&quot;_ha_eqh_enable&quot;:false}\">\n\t\t\t\t<div class=\"elementor-element elementor-element-9a58c38 elementor-widget elementor-widget-ha-icon-box happy-addon ha-icon-box\" data-id=\"9a58c38\" data-element_type=\"widget\" data-widget_type=\"ha-icon-box.default\">\n\t\t\t\t<div class=\"elementor-widget-container\">\n\t\t\t\n\t\t\n\t\t\t\t\t\t<span class=\"ha-icon-box-icon\">\n\t\t\t\t\t<i class=\"huge huge-brain-02\"><\/i>\t\t\t\t<\/span>\n\t\t<h4 class=\"ha-icon-box-title\">Individuelles Feedback \u2013 du bist im Fokus<\/h4>\t\t<\/div>\n\t\t\t\t<\/div>\n\t\t\t\t<\/div>\n\t\t<div data-particle_enable=\"false\" data-particle-mobile-disabled=\"false\" class=\"elementor-element elementor-element-7c0a6ae e-con-full e-flex e-con e-child\" data-id=\"7c0a6ae\" data-element_type=\"container\" data-settings=\"{&quot;_ha_eqh_enable&quot;:false}\">\n\t\t\t\t<div class=\"elementor-element elementor-element-947b7db elementor-widget elementor-widget-text-editor\" data-id=\"947b7db\" data-element_type=\"widget\" data-widget_type=\"text-editor.default\">\n\t\t\t\t<div class=\"elementor-widget-container\">\n\t\t\t\t\t\t\t\t\t<p>Einmal pro Semester gibt es ein <strong>Lernentwicklungsgespr\u00e4ch<\/strong>, bei dem du ehrliches, pers\u00f6nliches Feedback bekommst \u2013 was l\u00e4uft gut, was kannst du noch verbessern?\u2028Wenn es einmal knapp wird und <strong>eine negative Note droht<\/strong>, gibt es die M\u00f6glichkeit zu einer <strong>individuellen Lernbegleitung<\/strong> \u2013 mit dem Ziel, deine <strong>Lernstruktur zu st\u00e4rken<\/strong> und gemeinsam neue Strategien zu finden. Stichwort: <strong>Lerncoaching<\/strong>!<\/p>\t\t\t\t\t\t\t\t<\/div>\n\t\t\t\t<\/div>\n\t\t\t\t<\/div>\n\t\t\t\t\t<\/div>\n\t\t\t\t<\/div>\n\t\t<div data-particle_enable=\"false\" data-particle-mobile-disabled=\"false\" class=\"elementor-element elementor-element-8cf0c47 e-flex e-con-boxed elementor-invisible e-con e-parent\" data-id=\"8cf0c47\" data-element_type=\"container\" data-settings=\"{&quot;background_background&quot;:&quot;classic&quot;,&quot;animation&quot;:&quot;fadeInUp&quot;,&quot;animation_delay&quot;:500,&quot;_ha_eqh_enable&quot;:false}\">\n\t\t\t\t\t<div class=\"e-con-inner\">\n\t\t<div data-particle_enable=\"false\" data-particle-mobile-disabled=\"false\" class=\"elementor-element elementor-element-4e7a5c7 e-con-full e-flex e-con e-child\" data-id=\"4e7a5c7\" data-element_type=\"container\" data-settings=\"{&quot;_ha_eqh_enable&quot;:false}\">\n\t\t\t\t<div class=\"elementor-element elementor-element-5e95de5 elementor-widget elementor-widget-ha-icon-box happy-addon ha-icon-box\" data-id=\"5e95de5\" data-element_type=\"widget\" data-widget_type=\"ha-icon-box.default\">\n\t\t\t\t<div class=\"elementor-widget-container\">\n\t\t\t\n\t\t\n\t\t\t\t\t\t<span class=\"ha-icon-box-icon\">\n\t\t\t\t\t<i class=\"huge huge-book-02\"><\/i>\t\t\t\t<\/span>\n\t\t<h4 class=\"ha-icon-box-title\">F\u00f6rderkurse \u2013 fix im Stundenplan<\/h4>\t\t<\/div>\n\t\t\t\t<\/div>\n\t\t\t\t<\/div>\n\t\t<div data-particle_enable=\"false\" data-particle-mobile-disabled=\"false\" class=\"elementor-element elementor-element-8c15c79 e-con-full e-flex e-con e-child\" data-id=\"8c15c79\" data-element_type=\"container\" data-settings=\"{&quot;_ha_eqh_enable&quot;:false}\">\n\t\t\t\t<div class=\"elementor-element elementor-element-c3c7768 elementor-widget elementor-widget-text-editor\" data-id=\"c3c7768\" data-element_type=\"widget\" data-widget_type=\"text-editor.default\">\n\t\t\t\t<div class=\"elementor-widget-container\">\n\t\t\t\t\t\t\t\t\t<p>Unsere <strong>F\u00f6rderkurse<\/strong> sind direkt in deinen Stundenplan eingebaut \u2013 du musst also <strong>nicht l\u00e4nger in der Schule bleiben<\/strong>.\u2028Das hei\u00dft: <strong>gezielte Unterst\u00fctzung im normalen Schulalltag<\/strong>. Kein zus\u00e4tzlicher Stress, daf\u00fcr <strong>lernen mit echten Profis<\/strong>, die dich dort abholen, wo du gerade stehst.<\/p>\t\t\t\t\t\t\t\t<\/div>\n\t\t\t\t<\/div>\n\t\t\t\t<\/div>\n\t\t\t\t\t<\/div>\n\t\t\t\t<\/div>\n\t\t<div data-particle_enable=\"false\" data-particle-mobile-disabled=\"false\" class=\"elementor-element elementor-element-6c2324a e-flex e-con-boxed elementor-invisible e-con e-parent\" data-id=\"6c2324a\" data-element_type=\"container\" data-settings=\"{&quot;background_background&quot;:&quot;classic&quot;,&quot;animation&quot;:&quot;fadeInUp&quot;,&quot;animation_delay&quot;:750,&quot;_ha_eqh_enable&quot;:false}\">\n\t\t\t\t\t<div class=\"e-con-inner\">\n\t\t<div data-particle_enable=\"false\" data-particle-mobile-disabled=\"false\" class=\"elementor-element elementor-element-df60153 e-con-full e-flex e-con e-child\" data-id=\"df60153\" data-element_type=\"container\" data-settings=\"{&quot;_ha_eqh_enable&quot;:false}\">\n\t\t\t\t<div class=\"elementor-element elementor-element-005e94e elementor-widget elementor-widget-ha-icon-box happy-addon ha-icon-box\" data-id=\"005e94e\" data-element_type=\"widget\" data-widget_type=\"ha-icon-box.default\">\n\t\t\t\t<div class=\"elementor-widget-container\">\n\t\t\t\n\t\t\n\t\t\t\t\t\t<span class=\"ha-icon-box-icon\">\n\t\t\t\t\t<i class=\"huge huge-bubble-chat\"><\/i>\t\t\t\t<\/span>\n\t\t<h4 class=\"ha-icon-box-title\">Beratung \u2013 wenn Reden hilft<\/h4>\t\t<\/div>\n\t\t\t\t<\/div>\n\t\t\t\t<\/div>\n\t\t<div data-particle_enable=\"false\" data-particle-mobile-disabled=\"false\" class=\"elementor-element elementor-element-3ceb29f e-con-full e-flex e-con e-child\" data-id=\"3ceb29f\" data-element_type=\"container\" data-settings=\"{&quot;_ha_eqh_enable&quot;:false}\">\n\t\t\t\t<div class=\"elementor-element elementor-element-129bc66 elementor-widget elementor-widget-text-editor\" data-id=\"129bc66\" data-element_type=\"widget\" data-widget_type=\"text-editor.default\">\n\t\t\t\t<div class=\"elementor-widget-container\">\n\t\t\t\t\t\t\t\t\t<p>Manchmal hilft ein offenes Gespr\u00e4ch weiter.\u2028Ob mit deiner Lehrkraft oder \u2013 wenn du magst \u2013 gemeinsam mit dem <strong>Jugendcoaching<\/strong>:\u2028Wir sind f\u00fcr dich (und auch deine Eltern) da, wenn du Fragen hast oder gerade nicht weiterkommst. <strong>Vertraulich. Ehrlich. Auf Augenh\u00f6he.<\/strong><\/p>\t\t\t\t\t\t\t\t<\/div>\n\t\t\t\t<\/div>\n\t\t\t\t<\/div>\n\t\t\t\t\t<\/div>\n\t\t\t\t<\/div>\n\t\t<div data-particle_enable=\"false\" data-particle-mobile-disabled=\"false\" class=\"elementor-element elementor-element-c14e75a e-flex e-con-boxed elementor-invisible e-con e-parent\" data-id=\"c14e75a\" data-element_type=\"container\" data-settings=\"{&quot;background_background&quot;:&quot;classic&quot;,&quot;animation&quot;:&quot;fadeInUp&quot;,&quot;animation_delay&quot;:1000,&quot;_ha_eqh_enable&quot;:false}\">\n\t\t\t\t\t<div class=\"e-con-inner\">\n\t\t<div data-particle_enable=\"false\" data-particle-mobile-disabled=\"false\" class=\"elementor-element elementor-element-d9df72d e-con-full e-flex e-con e-child\" data-id=\"d9df72d\" data-element_type=\"container\" data-settings=\"{&quot;_ha_eqh_enable&quot;:false}\">\n\t\t\t\t<div class=\"elementor-element elementor-element-a3ecb0e elementor-widget elementor-widget-ha-icon-box happy-addon ha-icon-box\" data-id=\"a3ecb0e\" data-element_type=\"widget\" data-widget_type=\"ha-icon-box.default\">\n\t\t\t\t<div class=\"elementor-widget-container\">\n\t\t\t\n\t\t\n\t\t\t\t\t\t<span class=\"ha-icon-box-icon\">\n\t\t\t\t\t<i class=\"fas fa-smile-wink\"><\/i>\t\t\t\t<\/span>\n\t\t<h4 class=\"ha-icon-box-title\">Schulpsychologische Unterst\u00fctzung \u2013 wenn\u2019s tiefer geht<\/h4>\t\t<\/div>\n\t\t\t\t<\/div>\n\t\t\t\t<\/div>\n\t\t<div data-particle_enable=\"false\" data-particle-mobile-disabled=\"false\" class=\"elementor-element elementor-element-5d1f60f e-con-full e-flex e-con e-child\" data-id=\"5d1f60f\" data-element_type=\"container\" data-settings=\"{&quot;_ha_eqh_enable&quot;:false}\">\n\t\t\t\t<div class=\"elementor-element elementor-element-8d9f345 elementor-widget elementor-widget-text-editor\" data-id=\"8d9f345\" data-element_type=\"widget\" data-widget_type=\"text-editor.default\">\n\t\t\t\t<div class=\"elementor-widget-container\">\n\t\t\t\t\t\t\t\t\t<p>Manchmal steckt hinter Lernproblemen mehr als fehlendes \u00dcben. Wenn es Anzeichen f\u00fcr <strong>strukturelle Lerndefizite<\/strong> gibt, k\u00f6nnen wir gemeinsam mit der <strong>Schulpsychologin<\/strong> genau hinschauen.\u2028Sie unterst\u00fctzt dich professionell dabei, neue Wege zu finden \u2013 ganz ohne Vorurteile.<\/p>\t\t\t\t\t\t\t\t<\/div>\n\t\t\t\t<\/div>\n\t\t\t\t<\/div>\n\t\t\t\t\t<\/div>\n\t\t\t\t<\/div>\n\t\t<div data-particle_enable=\"false\" data-particle-mobile-disabled=\"false\" class=\"elementor-element elementor-element-d8919c6 e-con-full e-flex e-con e-child\" data-id=\"d8919c6\" data-element_type=\"container\" data-settings=\"{&quot;background_background&quot;:&quot;classic&quot;,&quot;_ha_eqh_enable&quot;:false}\">\n\t\t\t\t<div class=\"elementor-element elementor-element-afb29da elementor-widget-mobile__width-inherit elementor-widget elementor-widget-heading\" data-id=\"afb29da\" data-element_type=\"widget\" data-settings=\"{&quot;motion_fx_motion_fx_scrolling&quot;:&quot;yes&quot;,&quot;motion_fx_devices&quot;:[&quot;desktop&quot;],&quot;_animation&quot;:&quot;none&quot;,&quot;_animation_tablet&quot;:&quot;none&quot;,&quot;_animation_mobile&quot;:&quot;none&quot;}\" data-widget_type=\"heading.default\">\n\t\t\t\t<div class=\"elementor-widget-container\">\n\t\t\t\t\t<h1 class=\"elementor-heading-title elementor-size-default\">Du bist nicht allein. <br>\nWir f\u00f6rdern dich \u2013 <br>individuell, strukturiert und mit Herz<\/h1>\t\t\t\t<\/div>\n\t\t\t\t<\/div>\n\t\t\t\t<\/div>\n\t\t\t\t<\/div>\n\t\t","protected":false},"excerpt":{"rendered":"<p>F\u00f6rderstruktur und Supportteam Dein Weg. Deine St\u00e4rke. Unser F\u00f6rdersystem Bei uns bist du nicht auf dich allein gestellt \u2013 wir unterst\u00fctzen dich dabei, deinen eigenen Lernweg zu finden und zu gehen. Ganz individuell und ohne Umwege.\u2028Unser F\u00f6rdersystem hilft dir dort weiter, wo du es brauchst \u2013 ohne Extra-Stunden am Nachmittag und ohne Druck. Individuelles Feedback&#8230;<\/p>\n","protected":false},"author":1,"featured_media":0,"parent":989652,"menu_order":0,"comment_status":"closed","ping_status":"closed","template":"","meta":{"footnotes":""},"class_list":["post-989971","page","type-page","status-publish","hentry"],"yoast_head":"<!-- This site is optimized with the Yoast SEO plugin v26.9 - https:\/\/yoast.com\/product\/yoast-seo-wordpress\/ -->\n<title>F\u00f6rderstruktur und Supportteam - Wirtschaftsschulen Franziskaner Amstetten<\/title>\n<meta name=\"robots\" content=\"index, follow, max-snippet:-1, max-image-preview:large, max-video-preview:-1\" \/>\n<link rel=\"canonical\" href=\"https:\/\/www.fwamstetten.ac.at\/pwa\/ueber-uns\/foerderstruktur-und-supportteam\/\" \/>\n<meta property=\"og:locale\" content=\"de_DE\" \/>\n<meta property=\"og:type\" content=\"article\" \/>\n<meta property=\"og:title\" content=\"F\u00f6rderstruktur und Supportteam - Wirtschaftsschulen Franziskaner Amstetten\" \/>\n<meta property=\"og:description\" content=\"F\u00f6rderstruktur und Supportteam Dein Weg. Deine St\u00e4rke. Unser F\u00f6rdersystem Bei uns bist du nicht auf dich allein gestellt \u2013 wir unterst\u00fctzen dich dabei, deinen eigenen Lernweg zu finden und zu gehen. Ganz individuell und ohne Umwege.\u2028Unser F\u00f6rdersystem hilft dir dort weiter, wo du es brauchst \u2013 ohne Extra-Stunden am Nachmittag und ohne Druck. Individuelles Feedback...\" \/>\n<meta property=\"og:url\" content=\"https:\/\/www.fwamstetten.ac.at\/pwa\/ueber-uns\/foerderstruktur-und-supportteam\/\" \/>\n<meta property=\"og:site_name\" content=\"Wirtschaftsschulen Franziskaner Amstetten\" \/>\n<meta property=\"article:modified_time\" content=\"2026-02-09T10:33:15+00:00\" \/>\n<meta name=\"twitter:card\" content=\"summary_large_image\" \/>\n<meta name=\"twitter:label1\" content=\"Gesch\u00e4tzte Lesezeit\" \/>\n\t<meta name=\"twitter:data1\" content=\"2\u00a0Minuten\" \/>\n<script type=\"application\/ld+json\" class=\"yoast-schema-graph\">{\"@context\":\"https:\/\/schema.org\",\"@graph\":[{\"@type\":\"WebPage\",\"@id\":\"https:\/\/www.fwamstetten.ac.at\/pwa\/ueber-uns\/foerderstruktur-und-supportteam\/\",\"url\":\"https:\/\/www.fwamstetten.ac.at\/pwa\/ueber-uns\/foerderstruktur-und-supportteam\/\",\"name\":\"F\u00f6rderstruktur und Supportteam - Wirtschaftsschulen Franziskaner Amstetten\",\"isPartOf\":{\"@id\":\"https:\/\/www.fwamstetten.ac.at\/pwa\/#website\"},\"datePublished\":\"2025-08-22T14:51:13+00:00\",\"dateModified\":\"2026-02-09T10:33:15+00:00\",\"breadcrumb\":{\"@id\":\"https:\/\/www.fwamstetten.ac.at\/pwa\/ueber-uns\/foerderstruktur-und-supportteam\/#breadcrumb\"},\"inLanguage\":\"de\",\"potentialAction\":[{\"@type\":\"ReadAction\",\"target\":[\"https:\/\/www.fwamstetten.ac.at\/pwa\/ueber-uns\/foerderstruktur-und-supportteam\/\"]}]},{\"@type\":\"BreadcrumbList\",\"@id\":\"https:\/\/www.fwamstetten.ac.at\/pwa\/ueber-uns\/foerderstruktur-und-supportteam\/#breadcrumb\",\"itemListElement\":[{\"@type\":\"ListItem\",\"position\":1,\"name\":\"Home\",\"item\":\"https:\/\/www.fwamstetten.ac.at\/pwa\/\"},{\"@type\":\"ListItem\",\"position\":2,\"name\":\"\u00dcber uns\",\"item\":\"https:\/\/www.fwamstetten.ac.at\/pwa\/ueber-uns\/\"},{\"@type\":\"ListItem\",\"position\":3,\"name\":\"F\u00f6rderstruktur und Supportteam\"}]},{\"@type\":\"WebSite\",\"@id\":\"https:\/\/www.fwamstetten.ac.at\/pwa\/#website\",\"url\":\"https:\/\/www.fwamstetten.ac.at\/pwa\/\",\"name\":\"Wirtschaftsschulen Franziskaner Amstetten\",\"description\":\"Wir schaffen Perspektiven\",\"publisher\":{\"@id\":\"https:\/\/www.fwamstetten.ac.at\/pwa\/#organization\"},\"potentialAction\":[{\"@type\":\"SearchAction\",\"target\":{\"@type\":\"EntryPoint\",\"urlTemplate\":\"https:\/\/www.fwamstetten.ac.at\/pwa\/?s={search_term_string}\"},\"query-input\":{\"@type\":\"PropertyValueSpecification\",\"valueRequired\":true,\"valueName\":\"search_term_string\"}}],\"inLanguage\":\"de\"},{\"@type\":\"Organization\",\"@id\":\"https:\/\/www.fwamstetten.ac.at\/pwa\/#organization\",\"name\":\"Wirtschaftsschulen Franziskaner Amstetten\",\"url\":\"https:\/\/www.fwamstetten.ac.at\/pwa\/\",\"logo\":{\"@type\":\"ImageObject\",\"inLanguage\":\"de\",\"@id\":\"https:\/\/www.fwamstetten.ac.at\/pwa\/#\/schema\/logo\/image\/\",\"url\":\"https:\/\/www.fwamstetten.ac.at\/pwa\/wp-content\/uploads\/2020\/02\/Logo_Private_Wirtschaftsschulen_Amstetten_Final.png\",\"contentUrl\":\"https:\/\/www.fwamstetten.ac.at\/pwa\/wp-content\/uploads\/2020\/02\/Logo_Private_Wirtschaftsschulen_Amstetten_Final.png\",\"width\":1342,\"height\":550,\"caption\":\"Wirtschaftsschulen Franziskaner Amstetten\"},\"image\":{\"@id\":\"https:\/\/www.fwamstetten.ac.at\/pwa\/#\/schema\/logo\/image\/\"}}]}<\/script>\n<!-- \/ Yoast SEO plugin. -->","yoast_head_json":{"title":"F\u00f6rderstruktur und Supportteam - Wirtschaftsschulen Franziskaner Amstetten","robots":{"index":"index","follow":"follow","max-snippet":"max-snippet:-1","max-image-preview":"max-image-preview:large","max-video-preview":"max-video-preview:-1"},"canonical":"https:\/\/www.fwamstetten.ac.at\/pwa\/ueber-uns\/foerderstruktur-und-supportteam\/","og_locale":"de_DE","og_type":"article","og_title":"F\u00f6rderstruktur und Supportteam - Wirtschaftsschulen Franziskaner Amstetten","og_description":"F\u00f6rderstruktur und Supportteam Dein Weg. Deine St\u00e4rke. Unser F\u00f6rdersystem Bei uns bist du nicht auf dich allein gestellt \u2013 wir unterst\u00fctzen dich dabei, deinen eigenen Lernweg zu finden und zu gehen. Ganz individuell und ohne Umwege.\u2028Unser F\u00f6rdersystem hilft dir dort weiter, wo du es brauchst \u2013 ohne Extra-Stunden am Nachmittag und ohne Druck. Individuelles Feedback...","og_url":"https:\/\/www.fwamstetten.ac.at\/pwa\/ueber-uns\/foerderstruktur-und-supportteam\/","og_site_name":"Wirtschaftsschulen Franziskaner Amstetten","article_modified_time":"2026-02-09T10:33:15+00:00","twitter_card":"summary_large_image","twitter_misc":{"Gesch\u00e4tzte Lesezeit":"2\u00a0Minuten"},"schema":{"@context":"https:\/\/schema.org","@graph":[{"@type":"WebPage","@id":"https:\/\/www.fwamstetten.ac.at\/pwa\/ueber-uns\/foerderstruktur-und-supportteam\/","url":"https:\/\/www.fwamstetten.ac.at\/pwa\/ueber-uns\/foerderstruktur-und-supportteam\/","name":"F\u00f6rderstruktur und Supportteam - Wirtschaftsschulen Franziskaner Amstetten","isPartOf":{"@id":"https:\/\/www.fwamstetten.ac.at\/pwa\/#website"},"datePublished":"2025-08-22T14:51:13+00:00","dateModified":"2026-02-09T10:33:15+00:00","breadcrumb":{"@id":"https:\/\/www.fwamstetten.ac.at\/pwa\/ueber-uns\/foerderstruktur-und-supportteam\/#breadcrumb"},"inLanguage":"de","potentialAction":[{"@type":"ReadAction","target":["https:\/\/www.fwamstetten.ac.at\/pwa\/ueber-uns\/foerderstruktur-und-supportteam\/"]}]},{"@type":"BreadcrumbList","@id":"https:\/\/www.fwamstetten.ac.at\/pwa\/ueber-uns\/foerderstruktur-und-supportteam\/#breadcrumb","itemListElement":[{"@type":"ListItem","position":1,"name":"Home","item":"https:\/\/www.fwamstetten.ac.at\/pwa\/"},{"@type":"ListItem","position":2,"name":"\u00dcber uns","item":"https:\/\/www.fwamstetten.ac.at\/pwa\/ueber-uns\/"},{"@type":"ListItem","position":3,"name":"F\u00f6rderstruktur und Supportteam"}]},{"@type":"WebSite","@id":"https:\/\/www.fwamstetten.ac.at\/pwa\/#website","url":"https:\/\/www.fwamstetten.ac.at\/pwa\/","name":"Wirtschaftsschulen Franziskaner Amstetten","description":"Wir schaffen Perspektiven","publisher":{"@id":"https:\/\/www.fwamstetten.ac.at\/pwa\/#organization"},"potentialAction":[{"@type":"SearchAction","target":{"@type":"EntryPoint","urlTemplate":"https:\/\/www.fwamstetten.ac.at\/pwa\/?s={search_term_string}"},"query-input":{"@type":"PropertyValueSpecification","valueRequired":true,"valueName":"search_term_string"}}],"inLanguage":"de"},{"@type":"Organization","@id":"https:\/\/www.fwamstetten.ac.at\/pwa\/#organization","name":"Wirtschaftsschulen Franziskaner Amstetten","url":"https:\/\/www.fwamstetten.ac.at\/pwa\/","logo":{"@type":"ImageObject","inLanguage":"de","@id":"https:\/\/www.fwamstetten.ac.at\/pwa\/#\/schema\/logo\/image\/","url":"https:\/\/www.fwamstetten.ac.at\/pwa\/wp-content\/uploads\/2020\/02\/Logo_Private_Wirtschaftsschulen_Amstetten_Final.png","contentUrl":"https:\/\/www.fwamstetten.ac.at\/pwa\/wp-content\/uploads\/2020\/02\/Logo_Private_Wirtschaftsschulen_Amstetten_Final.png","width":1342,"height":550,"caption":"Wirtschaftsschulen Franziskaner Amstetten"},"image":{"@id":"https:\/\/www.fwamstetten.ac.at\/pwa\/#\/schema\/logo\/image\/"}}]}},"_links":{"self":[{"href":"https:\/\/www.fwamstetten.ac.at\/pwa\/wp-json\/wp\/v2\/pages\/989971","targetHints":{"allow":["GET"]}}],"collection":[{"href":"https:\/\/www.fwamstetten.ac.at\/pwa\/wp-json\/wp\/v2\/pages"}],"about":[{"href":"https:\/\/www.fwamstetten.ac.at\/pwa\/wp-json\/wp\/v2\/types\/page"}],"author":[{"embeddable":true,"href":"https:\/\/www.fwamstetten.ac.at\/pwa\/wp-json\/wp\/v2\/users\/1"}],"replies":[{"embeddable":true,"href":"https:\/\/www.fwamstetten.ac.at\/pwa\/wp-json\/wp\/v2\/comments?post=989971"}],"version-history":[{"count":37,"href":"https:\/\/www.fwamstetten.ac.at\/pwa\/wp-json\/wp\/v2\/pages\/989971\/revisions"}],"predecessor-version":[{"id":992673,"href":"https:\/\/www.fwamstetten.ac.at\/pwa\/wp-json\/wp\/v2\/pages\/989971\/revisions\/992673"}],"up":[{"embeddable":true,"href":"https:\/\/www.fwamstetten.ac.at\/pwa\/wp-json\/wp\/v2\/pages\/989652"}],"wp:attachment":[{"href":"https:\/\/www.fwamstetten.ac.at\/pwa\/wp-json\/wp\/v2\/media?parent=989971"}],"curies":[{"name":"wp","href":"https:\/\/api.w.org\/{rel}","templated":true}]}}