{"id":992000,"date":"2025-11-03T12:28:03","date_gmt":"2025-11-03T11:28:03","guid":{"rendered":"https:\/\/www.fwamstetten.ac.at\/pwa\/?page_id=992000"},"modified":"2025-11-03T12:30:53","modified_gmt":"2025-11-03T11:30:53","slug":"traegerverein","status":"publish","type":"page","link":"https:\/\/www.fwamstetten.ac.at\/pwa\/ueber-uns\/traegerverein\/","title":{"rendered":"Tr\u00e4gerverein"},"content":{"rendered":"\t\t<div data-elementor-type=\"wp-page\" data-elementor-id=\"992000\" class=\"elementor elementor-992000\" data-elementor-post-type=\"page\">\n\t\t\t\t\t\t<section data-particle_enable=\"false\" data-particle-mobile-disabled=\"false\" class=\"elementor-section elementor-top-section elementor-element elementor-element-d0a7802 elementor-section-boxed elementor-section-height-default elementor-section-height-default\" data-id=\"d0a7802\" data-element_type=\"section\" data-settings=\"{&quot;background_background&quot;:&quot;classic&quot;,&quot;_ha_eqh_enable&quot;:false}\">\n\t\t\t\t\t\t<div class=\"elementor-container elementor-column-gap-default\">\n\t\t\t\t\t<div class=\"elementor-column elementor-col-100 elementor-top-column elementor-element elementor-element-3e811e0\" data-id=\"3e811e0\" data-element_type=\"column\">\n\t\t\t<div class=\"elementor-widget-wrap elementor-element-populated\">\n\t\t\t\t\t\t<div class=\"elementor-element elementor-element-86e286d elementor-widget elementor-widget-spacer\" data-id=\"86e286d\" data-element_type=\"widget\" data-widget_type=\"spacer.default\">\n\t\t\t\t<div class=\"elementor-widget-container\">\n\t\t\t\t\t\t\t<div class=\"elementor-spacer\">\n\t\t\t<div class=\"elementor-spacer-inner\"><\/div>\n\t\t<\/div>\n\t\t\t\t\t\t<\/div>\n\t\t\t\t<\/div>\n\t\t\t\t\t<\/div>\n\t\t<\/div>\n\t\t\t\t\t<\/div>\n\t\t<\/section>\n\t\t\t\t<section data-particle_enable=\"false\" data-particle-mobile-disabled=\"false\" class=\"elementor-section elementor-top-section elementor-element elementor-element-c474aec elementor-section-boxed elementor-section-height-default elementor-section-height-default\" data-id=\"c474aec\" data-element_type=\"section\" data-settings=\"{&quot;_ha_eqh_enable&quot;:false}\">\n\t\t\t\t\t\t<div class=\"elementor-container elementor-column-gap-default\">\n\t\t\t\t\t<div class=\"elementor-column elementor-col-100 elementor-top-column elementor-element elementor-element-472e0d4\" data-id=\"472e0d4\" data-element_type=\"column\" data-settings=\"{&quot;background_background&quot;:&quot;classic&quot;}\">\n\t\t\t<div class=\"elementor-widget-wrap elementor-element-populated\">\n\t\t\t\t\t\t<div class=\"elementor-element elementor-element-dea046b elementor-widget-mobile__width-inherit elementor-widget elementor-widget-heading\" data-id=\"dea046b\" data-element_type=\"widget\" data-settings=\"{&quot;_animation&quot;:&quot;none&quot;,&quot;_animation_tablet&quot;:&quot;none&quot;,&quot;_animation_mobile&quot;:&quot;none&quot;,&quot;motion_fx_motion_fx_scrolling&quot;:&quot;yes&quot;,&quot;motion_fx_translateX_effect&quot;:&quot;yes&quot;,&quot;motion_fx_translateX_direction&quot;:&quot;negative&quot;,&quot;motion_fx_translateX_speed&quot;:{&quot;unit&quot;:&quot;px&quot;,&quot;size&quot;:3,&quot;sizes&quot;:[]},&quot;motion_fx_range&quot;:&quot;viewport&quot;,&quot;motion_fx_translateX_affectedRange&quot;:{&quot;unit&quot;:&quot;%&quot;,&quot;size&quot;:&quot;&quot;,&quot;sizes&quot;:{&quot;start&quot;:0,&quot;end&quot;:100}},&quot;motion_fx_devices&quot;:[&quot;desktop&quot;,&quot;tablet&quot;,&quot;mobile&quot;]}\" data-widget_type=\"heading.default\">\n\t\t\t\t<div class=\"elementor-widget-container\">\n\t\t\t\t\t<h2 class=\"elementor-heading-title elementor-size-default\">Tr\u00e4gerverein<\/h2>\t\t\t\t<\/div>\n\t\t\t\t<\/div>\n\t\t\t\t\t<\/div>\n\t\t<\/div>\n\t\t\t\t\t<\/div>\n\t\t<\/section>\n\t\t\t\t<section data-particle_enable=\"false\" data-particle-mobile-disabled=\"false\" class=\"elementor-section elementor-top-section elementor-element elementor-element-e26d97d elementor-reverse-mobile elementor-section-boxed elementor-section-height-default elementor-section-height-default\" data-id=\"e26d97d\" data-element_type=\"section\" data-settings=\"{&quot;_ha_eqh_enable&quot;:false}\">\n\t\t\t\t\t\t<div class=\"elementor-container elementor-column-gap-default\">\n\t\t\t\t\t<div class=\"elementor-column elementor-col-50 elementor-top-column elementor-element elementor-element-1de2e65\" data-id=\"1de2e65\" data-element_type=\"column\">\n\t\t\t<div class=\"elementor-widget-wrap elementor-element-populated\">\n\t\t\t\t\t\t<div class=\"elementor-element elementor-element-3592ee3 elementor-widget elementor-widget-text-editor\" data-id=\"3592ee3\" data-element_type=\"widget\" data-settings=\"{&quot;_animation&quot;:&quot;none&quot;,&quot;_animation_tablet&quot;:&quot;none&quot;,&quot;_animation_mobile&quot;:&quot;none&quot;,&quot;_animation_delay&quot;:200}\" data-widget_type=\"text-editor.default\">\n\t\t\t\t<div class=\"elementor-widget-container\">\n\t\t\t\t\t\t\t\t\t<p>Der Verein f\u00fcr Franziskanische Bildung (VfFB) ist mit mehr als 50 Bildungseinrichtungen an rund 20 Standorten f\u00fcr \u00fcber 7.000 Kinder und Jugendliche aller Altersstufen zweitgr\u00f6\u00dfter Tr\u00e4ger von Ordens-Bildungseinrichtungen in \u00d6sterreich.<\/p><p>Ziel des 2019 von f\u00fcnf franziskanischen Frauenorden gegr\u00fcndeten Tr\u00e4gervereins ist es, den kirchlichen und gesellschaftlichen Bildungsauftrag, der auf die Gr\u00fcnderinnen und Gr\u00fcnder der jeweiligen Orden zur\u00fcckgeht, gemeinsam optimal zu erf\u00fcllen und als starker Partner der \u00f6ffentlichen Hand im Bildungsbereich zu agieren. Seit Anfang 2022 f\u00fchren drei der Gr\u00fcnderinnen-Orden \u2013 die Franziskanerinnen von V\u00f6cklabruck, die Franziskanerinnen von der Unbefleckten Empf\u00e4ngnis &#8211; Grazer Schulschwestern und die Franziskanerinnen Amstetten \u2013 die Geschicke des VfFB.<\/p><p>Als Non-Profit-Organisation f\u00fchrt der VfFB die gelebte franziskanische Tradition der drei Orden in seinen Bildungseinrichtungen weiter: Wichtigstes Anliegen ist die Begleitung und fundierte Bildung von Kindern und Jugendlichen aus allen sozialen Schichten. Einen ebenso hohen Stellenwert hat das Ziel, jungen Menschen Impulse zu geben, aus christlicher Perspektive einen Beitrag zu einem gelungenen, von Solidarit\u00e4t und Respekt gepr\u00e4gtem Miteinander zu leisten sowie nachhaltig in Bezug auf die nat\u00fcrlichen Ressourcen zu agieren.<\/p>\t\t\t\t\t\t\t\t<\/div>\n\t\t\t\t<\/div>\n\t\t\t\t<div class=\"elementor-element elementor-element-05ca9e8 elementor-widget__width-auto elementor-invisible elementor-widget elementor-widget-button\" data-id=\"05ca9e8\" data-element_type=\"widget\" data-settings=\"{&quot;_animation&quot;:&quot;fadeIn&quot;,&quot;_animation_delay&quot;:500}\" data-widget_type=\"button.default\">\n\t\t\t\t<div class=\"elementor-widget-container\">\n\t\t\t\t\t\t\t\t\t<div class=\"elementor-button-wrapper\">\n\t\t\t\t\t<a class=\"elementor-button elementor-button-link elementor-size-sm\" href=\"https:\/\/www.vffb.or.at\/\" target=\"_blank\">\n\t\t\t\t\t\t<span class=\"elementor-button-content-wrapper\">\n\t\t\t\t\t\t<span class=\"elementor-button-icon\">\n\t\t\t\t<i aria-hidden=\"true\" class=\"vamtamtheme- vamtam-theme-arrow-right\"><\/i>\t\t\t<\/span>\n\t\t\t\t\t\t\t\t\t<span class=\"elementor-button-text\">Zum Tr\u00e4gerverein<\/span>\n\t\t\t\t\t<\/span>\n\t\t\t\t\t<\/a>\n\t\t\t\t<\/div>\n\t\t\t\t\t\t\t\t<\/div>\n\t\t\t\t<\/div>\n\t\t\t\t\t<\/div>\n\t\t<\/div>\n\t\t\t\t<div class=\"elementor-column elementor-col-50 elementor-top-column elementor-element elementor-element-ca5e3b6\" data-id=\"ca5e3b6\" data-element_type=\"column\">\n\t\t\t<div class=\"elementor-widget-wrap elementor-element-populated\">\n\t\t\t\t\t\t<div class=\"elementor-element elementor-element-4671492 elementor-invisible elementor-widget elementor-widget-image\" data-id=\"4671492\" data-element_type=\"widget\" data-settings=\"{&quot;_animation&quot;:&quot;imageGrowWithScaleLeft&quot;,&quot;_animation_tablet&quot;:&quot;none&quot;,&quot;_animation_mobile&quot;:&quot;none&quot;,&quot;motion_fx_motion_fx_scrolling&quot;:&quot;yes&quot;,&quot;motion_fx_translateX_effect&quot;:&quot;yes&quot;,&quot;motion_fx_translateX_speed&quot;:{&quot;unit&quot;:&quot;px&quot;,&quot;size&quot;:3,&quot;sizes&quot;:[]},&quot;motion_fx_translateX_affectedRange&quot;:{&quot;unit&quot;:&quot;%&quot;,&quot;size&quot;:&quot;&quot;,&quot;sizes&quot;:{&quot;start&quot;:0,&quot;end&quot;:54}},&quot;motion_fx_devices&quot;:[&quot;desktop&quot;,&quot;tablet&quot;,&quot;mobile&quot;]}\" data-widget_type=\"image.default\">\n\t\t\t\t<div class=\"elementor-widget-container\">\n\t\t\t\t\t\t\t\t\t<div class=\"elementor-image\">\n\t\t\t\t\t\t\t\t\t\t\t<div class=\"vamtam-image-wrapper\">\n\t\t\t\t\t\t\t\t\t\t\t\t\t\t\t\t\t\t\t\t\t<img fetchpriority=\"high\" decoding=\"async\" width=\"344\" height=\"216\" src=\"https:\/\/www.fwamstetten.ac.at\/pwa\/wp-content\/uploads\/2020\/11\/Logo-Traegerverein-2.png\" class=\"attachment-full size-full wp-image-990929 has-transparency\" alt=\"\" srcset=\"https:\/\/www.fwamstetten.ac.at\/pwa\/wp-content\/uploads\/2020\/11\/Logo-Traegerverein-2.png 344w, https:\/\/www.fwamstetten.ac.at\/pwa\/wp-content\/uploads\/2020\/11\/Logo-Traegerverein-2-300x188.png 300w\" sizes=\"(max-width: 344px) 100vw, 344px\" data-has-transparency=\"true\" data-dominant-color=\"408a49\" style=\"--dominant-color: #408a49;\" \/>\t\t\t\t\t\t\t\t\t\t\t\t\t\t\t\t\t\t\t\t\t\t\t\t\t\t<\/div>\n\t\t\t\t\t\t\t\t\t<\/div>\n\t\t\t\t\t\t\t\t<\/div>\n\t\t\t\t<\/div>\n\t\t\t\t\t<\/div>\n\t\t<\/div>\n\t\t\t\t\t<\/div>\n\t\t<\/section>\n\t\t\t\t<\/div>\n\t\t","protected":false},"excerpt":{"rendered":"<p>Tr\u00e4gerverein Der Verein f\u00fcr Franziskanische Bildung (VfFB) ist mit mehr als 50 Bildungseinrichtungen an rund 20 Standorten f\u00fcr \u00fcber 7.000 Kinder und Jugendliche aller Altersstufen zweitgr\u00f6\u00dfter Tr\u00e4ger von Ordens-Bildungseinrichtungen in \u00d6sterreich. Ziel des 2019 von f\u00fcnf franziskanischen Frauenorden gegr\u00fcndeten Tr\u00e4gervereins ist es, den kirchlichen und gesellschaftlichen Bildungsauftrag, der auf die Gr\u00fcnderinnen und Gr\u00fcnder der jeweiligen&#8230;<\/p>\n","protected":false},"author":1,"featured_media":0,"parent":989652,"menu_order":0,"comment_status":"closed","ping_status":"closed","template":"","meta":{"footnotes":""},"class_list":["post-992000","page","type-page","status-publish","hentry"],"yoast_head":"<!-- This site is optimized with the Yoast SEO plugin v26.9 - https:\/\/yoast.com\/product\/yoast-seo-wordpress\/ -->\n<title>Tr\u00e4gerverein - Wirtschaftsschulen Franziskaner Amstetten<\/title>\n<meta name=\"robots\" content=\"index, follow, max-snippet:-1, max-image-preview:large, max-video-preview:-1\" \/>\n<link rel=\"canonical\" href=\"https:\/\/www.fwamstetten.ac.at\/pwa\/ueber-uns\/traegerverein\/\" \/>\n<meta property=\"og:locale\" content=\"de_DE\" \/>\n<meta property=\"og:type\" content=\"article\" \/>\n<meta property=\"og:title\" content=\"Tr\u00e4gerverein - Wirtschaftsschulen Franziskaner Amstetten\" \/>\n<meta property=\"og:description\" content=\"Tr\u00e4gerverein Der Verein f\u00fcr Franziskanische Bildung (VfFB) ist mit mehr als 50 Bildungseinrichtungen an rund 20 Standorten f\u00fcr \u00fcber 7.000 Kinder und Jugendliche aller Altersstufen zweitgr\u00f6\u00dfter Tr\u00e4ger von Ordens-Bildungseinrichtungen in \u00d6sterreich. Ziel des 2019 von f\u00fcnf franziskanischen Frauenorden gegr\u00fcndeten Tr\u00e4gervereins ist es, den kirchlichen und gesellschaftlichen Bildungsauftrag, der auf die Gr\u00fcnderinnen und Gr\u00fcnder der jeweiligen...\" \/>\n<meta property=\"og:url\" content=\"https:\/\/www.fwamstetten.ac.at\/pwa\/ueber-uns\/traegerverein\/\" \/>\n<meta property=\"og:site_name\" content=\"Wirtschaftsschulen Franziskaner Amstetten\" \/>\n<meta property=\"article:modified_time\" content=\"2025-11-03T11:30:53+00:00\" \/>\n<meta property=\"og:image\" content=\"http:\/\/www.fwamstetten.ac.at\/pwa\/wp-content\/uploads\/2020\/11\/Logo-Traegerverein-2.png\" \/>\n<meta name=\"twitter:card\" content=\"summary_large_image\" \/>\n<meta name=\"twitter:label1\" content=\"Gesch\u00e4tzte Lesezeit\" \/>\n\t<meta name=\"twitter:data1\" content=\"2\u00a0Minuten\" \/>\n<script type=\"application\/ld+json\" class=\"yoast-schema-graph\">{\"@context\":\"https:\/\/schema.org\",\"@graph\":[{\"@type\":\"WebPage\",\"@id\":\"https:\/\/www.fwamstetten.ac.at\/pwa\/ueber-uns\/traegerverein\/\",\"url\":\"https:\/\/www.fwamstetten.ac.at\/pwa\/ueber-uns\/traegerverein\/\",\"name\":\"Tr\u00e4gerverein - Wirtschaftsschulen Franziskaner Amstetten\",\"isPartOf\":{\"@id\":\"https:\/\/www.fwamstetten.ac.at\/pwa\/#website\"},\"primaryImageOfPage\":{\"@id\":\"https:\/\/www.fwamstetten.ac.at\/pwa\/ueber-uns\/traegerverein\/#primaryimage\"},\"image\":{\"@id\":\"https:\/\/www.fwamstetten.ac.at\/pwa\/ueber-uns\/traegerverein\/#primaryimage\"},\"thumbnailUrl\":\"http:\/\/www.fwamstetten.ac.at\/pwa\/wp-content\/uploads\/2020\/11\/Logo-Traegerverein-2.png\",\"datePublished\":\"2025-11-03T11:28:03+00:00\",\"dateModified\":\"2025-11-03T11:30:53+00:00\",\"breadcrumb\":{\"@id\":\"https:\/\/www.fwamstetten.ac.at\/pwa\/ueber-uns\/traegerverein\/#breadcrumb\"},\"inLanguage\":\"de\",\"potentialAction\":[{\"@type\":\"ReadAction\",\"target\":[\"https:\/\/www.fwamstetten.ac.at\/pwa\/ueber-uns\/traegerverein\/\"]}]},{\"@type\":\"ImageObject\",\"inLanguage\":\"de\",\"@id\":\"https:\/\/www.fwamstetten.ac.at\/pwa\/ueber-uns\/traegerverein\/#primaryimage\",\"url\":\"https:\/\/www.fwamstetten.ac.at\/pwa\/wp-content\/uploads\/2020\/11\/Logo-Traegerverein-2.png\",\"contentUrl\":\"https:\/\/www.fwamstetten.ac.at\/pwa\/wp-content\/uploads\/2020\/11\/Logo-Traegerverein-2.png\",\"width\":344,\"height\":216},{\"@type\":\"BreadcrumbList\",\"@id\":\"https:\/\/www.fwamstetten.ac.at\/pwa\/ueber-uns\/traegerverein\/#breadcrumb\",\"itemListElement\":[{\"@type\":\"ListItem\",\"position\":1,\"name\":\"Home\",\"item\":\"https:\/\/www.fwamstetten.ac.at\/pwa\/\"},{\"@type\":\"ListItem\",\"position\":2,\"name\":\"\u00dcber uns\",\"item\":\"https:\/\/www.fwamstetten.ac.at\/pwa\/ueber-uns\/\"},{\"@type\":\"ListItem\",\"position\":3,\"name\":\"Tr\u00e4gerverein\"}]},{\"@type\":\"WebSite\",\"@id\":\"https:\/\/www.fwamstetten.ac.at\/pwa\/#website\",\"url\":\"https:\/\/www.fwamstetten.ac.at\/pwa\/\",\"name\":\"Wirtschaftsschulen Franziskaner Amstetten\",\"description\":\"Wir schaffen Perspektiven\",\"publisher\":{\"@id\":\"https:\/\/www.fwamstetten.ac.at\/pwa\/#organization\"},\"potentialAction\":[{\"@type\":\"SearchAction\",\"target\":{\"@type\":\"EntryPoint\",\"urlTemplate\":\"https:\/\/www.fwamstetten.ac.at\/pwa\/?s={search_term_string}\"},\"query-input\":{\"@type\":\"PropertyValueSpecification\",\"valueRequired\":true,\"valueName\":\"search_term_string\"}}],\"inLanguage\":\"de\"},{\"@type\":\"Organization\",\"@id\":\"https:\/\/www.fwamstetten.ac.at\/pwa\/#organization\",\"name\":\"Wirtschaftsschulen Franziskaner Amstetten\",\"url\":\"https:\/\/www.fwamstetten.ac.at\/pwa\/\",\"logo\":{\"@type\":\"ImageObject\",\"inLanguage\":\"de\",\"@id\":\"https:\/\/www.fwamstetten.ac.at\/pwa\/#\/schema\/logo\/image\/\",\"url\":\"https:\/\/www.fwamstetten.ac.at\/pwa\/wp-content\/uploads\/2020\/02\/Logo_Private_Wirtschaftsschulen_Amstetten_Final.png\",\"contentUrl\":\"https:\/\/www.fwamstetten.ac.at\/pwa\/wp-content\/uploads\/2020\/02\/Logo_Private_Wirtschaftsschulen_Amstetten_Final.png\",\"width\":1342,\"height\":550,\"caption\":\"Wirtschaftsschulen Franziskaner Amstetten\"},\"image\":{\"@id\":\"https:\/\/www.fwamstetten.ac.at\/pwa\/#\/schema\/logo\/image\/\"}}]}<\/script>\n<!-- \/ Yoast SEO plugin. -->","yoast_head_json":{"title":"Tr\u00e4gerverein - Wirtschaftsschulen Franziskaner Amstetten","robots":{"index":"index","follow":"follow","max-snippet":"max-snippet:-1","max-image-preview":"max-image-preview:large","max-video-preview":"max-video-preview:-1"},"canonical":"https:\/\/www.fwamstetten.ac.at\/pwa\/ueber-uns\/traegerverein\/","og_locale":"de_DE","og_type":"article","og_title":"Tr\u00e4gerverein - Wirtschaftsschulen Franziskaner Amstetten","og_description":"Tr\u00e4gerverein Der Verein f\u00fcr Franziskanische Bildung (VfFB) ist mit mehr als 50 Bildungseinrichtungen an rund 20 Standorten f\u00fcr \u00fcber 7.000 Kinder und Jugendliche aller Altersstufen zweitgr\u00f6\u00dfter Tr\u00e4ger von Ordens-Bildungseinrichtungen in \u00d6sterreich. Ziel des 2019 von f\u00fcnf franziskanischen Frauenorden gegr\u00fcndeten Tr\u00e4gervereins ist es, den kirchlichen und gesellschaftlichen Bildungsauftrag, der auf die Gr\u00fcnderinnen und Gr\u00fcnder der jeweiligen...","og_url":"https:\/\/www.fwamstetten.ac.at\/pwa\/ueber-uns\/traegerverein\/","og_site_name":"Wirtschaftsschulen Franziskaner Amstetten","article_modified_time":"2025-11-03T11:30:53+00:00","og_image":[{"url":"http:\/\/www.fwamstetten.ac.at\/pwa\/wp-content\/uploads\/2020\/11\/Logo-Traegerverein-2.png","type":"","width":"","height":""}],"twitter_card":"summary_large_image","twitter_misc":{"Gesch\u00e4tzte Lesezeit":"2\u00a0Minuten"},"schema":{"@context":"https:\/\/schema.org","@graph":[{"@type":"WebPage","@id":"https:\/\/www.fwamstetten.ac.at\/pwa\/ueber-uns\/traegerverein\/","url":"https:\/\/www.fwamstetten.ac.at\/pwa\/ueber-uns\/traegerverein\/","name":"Tr\u00e4gerverein - Wirtschaftsschulen Franziskaner Amstetten","isPartOf":{"@id":"https:\/\/www.fwamstetten.ac.at\/pwa\/#website"},"primaryImageOfPage":{"@id":"https:\/\/www.fwamstetten.ac.at\/pwa\/ueber-uns\/traegerverein\/#primaryimage"},"image":{"@id":"https:\/\/www.fwamstetten.ac.at\/pwa\/ueber-uns\/traegerverein\/#primaryimage"},"thumbnailUrl":"http:\/\/www.fwamstetten.ac.at\/pwa\/wp-content\/uploads\/2020\/11\/Logo-Traegerverein-2.png","datePublished":"2025-11-03T11:28:03+00:00","dateModified":"2025-11-03T11:30:53+00:00","breadcrumb":{"@id":"https:\/\/www.fwamstetten.ac.at\/pwa\/ueber-uns\/traegerverein\/#breadcrumb"},"inLanguage":"de","potentialAction":[{"@type":"ReadAction","target":["https:\/\/www.fwamstetten.ac.at\/pwa\/ueber-uns\/traegerverein\/"]}]},{"@type":"ImageObject","inLanguage":"de","@id":"https:\/\/www.fwamstetten.ac.at\/pwa\/ueber-uns\/traegerverein\/#primaryimage","url":"https:\/\/www.fwamstetten.ac.at\/pwa\/wp-content\/uploads\/2020\/11\/Logo-Traegerverein-2.png","contentUrl":"https:\/\/www.fwamstetten.ac.at\/pwa\/wp-content\/uploads\/2020\/11\/Logo-Traegerverein-2.png","width":344,"height":216},{"@type":"BreadcrumbList","@id":"https:\/\/www.fwamstetten.ac.at\/pwa\/ueber-uns\/traegerverein\/#breadcrumb","itemListElement":[{"@type":"ListItem","position":1,"name":"Home","item":"https:\/\/www.fwamstetten.ac.at\/pwa\/"},{"@type":"ListItem","position":2,"name":"\u00dcber uns","item":"https:\/\/www.fwamstetten.ac.at\/pwa\/ueber-uns\/"},{"@type":"ListItem","position":3,"name":"Tr\u00e4gerverein"}]},{"@type":"WebSite","@id":"https:\/\/www.fwamstetten.ac.at\/pwa\/#website","url":"https:\/\/www.fwamstetten.ac.at\/pwa\/","name":"Wirtschaftsschulen Franziskaner Amstetten","description":"Wir schaffen Perspektiven","publisher":{"@id":"https:\/\/www.fwamstetten.ac.at\/pwa\/#organization"},"potentialAction":[{"@type":"SearchAction","target":{"@type":"EntryPoint","urlTemplate":"https:\/\/www.fwamstetten.ac.at\/pwa\/?s={search_term_string}"},"query-input":{"@type":"PropertyValueSpecification","valueRequired":true,"valueName":"search_term_string"}}],"inLanguage":"de"},{"@type":"Organization","@id":"https:\/\/www.fwamstetten.ac.at\/pwa\/#organization","name":"Wirtschaftsschulen Franziskaner Amstetten","url":"https:\/\/www.fwamstetten.ac.at\/pwa\/","logo":{"@type":"ImageObject","inLanguage":"de","@id":"https:\/\/www.fwamstetten.ac.at\/pwa\/#\/schema\/logo\/image\/","url":"https:\/\/www.fwamstetten.ac.at\/pwa\/wp-content\/uploads\/2020\/02\/Logo_Private_Wirtschaftsschulen_Amstetten_Final.png","contentUrl":"https:\/\/www.fwamstetten.ac.at\/pwa\/wp-content\/uploads\/2020\/02\/Logo_Private_Wirtschaftsschulen_Amstetten_Final.png","width":1342,"height":550,"caption":"Wirtschaftsschulen Franziskaner Amstetten"},"image":{"@id":"https:\/\/www.fwamstetten.ac.at\/pwa\/#\/schema\/logo\/image\/"}}]}},"_links":{"self":[{"href":"https:\/\/www.fwamstetten.ac.at\/pwa\/wp-json\/wp\/v2\/pages\/992000","targetHints":{"allow":["GET"]}}],"collection":[{"href":"https:\/\/www.fwamstetten.ac.at\/pwa\/wp-json\/wp\/v2\/pages"}],"about":[{"href":"https:\/\/www.fwamstetten.ac.at\/pwa\/wp-json\/wp\/v2\/types\/page"}],"author":[{"embeddable":true,"href":"https:\/\/www.fwamstetten.ac.at\/pwa\/wp-json\/wp\/v2\/users\/1"}],"replies":[{"embeddable":true,"href":"https:\/\/www.fwamstetten.ac.at\/pwa\/wp-json\/wp\/v2\/comments?post=992000"}],"version-history":[{"count":7,"href":"https:\/\/www.fwamstetten.ac.at\/pwa\/wp-json\/wp\/v2\/pages\/992000\/revisions"}],"predecessor-version":[{"id":992007,"href":"https:\/\/www.fwamstetten.ac.at\/pwa\/wp-json\/wp\/v2\/pages\/992000\/revisions\/992007"}],"up":[{"embeddable":true,"href":"https:\/\/www.fwamstetten.ac.at\/pwa\/wp-json\/wp\/v2\/pages\/989652"}],"wp:attachment":[{"href":"https:\/\/www.fwamstetten.ac.at\/pwa\/wp-json\/wp\/v2\/media?parent=992000"}],"curies":[{"name":"wp","href":"https:\/\/api.w.org\/{rel}","templated":true}]}}