{"id":992812,"date":"2026-03-03T10:47:11","date_gmt":"2026-03-03T09:47:11","guid":{"rendered":"https:\/\/www.fwamstetten.ac.at\/pwa\/?page_id=992812"},"modified":"2026-03-19T10:50:25","modified_gmt":"2026-03-19T09:50:25","slug":"elternverein2","status":"publish","type":"page","link":"https:\/\/www.fwamstetten.ac.at\/pwa\/ueber-uns\/elternverein2\/","title":{"rendered":"Elternverein2"},"content":{"rendered":"\t\t<div data-elementor-type=\"wp-page\" data-elementor-id=\"992812\" class=\"elementor elementor-992812\" data-elementor-post-type=\"page\">\n\t\t\t\t\t\t<section data-particle_enable=\"false\" data-particle-mobile-disabled=\"false\" class=\"elementor-section elementor-top-section elementor-element elementor-element-0066cca elementor-section-boxed elementor-section-height-default elementor-section-height-default\" data-id=\"0066cca\" data-element_type=\"section\" data-settings=\"{&quot;background_background&quot;:&quot;classic&quot;,&quot;_ha_eqh_enable&quot;:false}\">\n\t\t\t\t\t\t<div class=\"elementor-container elementor-column-gap-default\">\n\t\t\t\t\t<div class=\"elementor-column elementor-col-100 elementor-top-column elementor-element elementor-element-cd4c318\" data-id=\"cd4c318\" data-element_type=\"column\">\n\t\t\t<div class=\"elementor-widget-wrap elementor-element-populated\">\n\t\t\t\t\t\t<div class=\"elementor-element elementor-element-d8c4662 elementor-widget elementor-widget-spacer\" data-id=\"d8c4662\" data-element_type=\"widget\" data-widget_type=\"spacer.default\">\n\t\t\t\t<div class=\"elementor-widget-container\">\n\t\t\t\t\t\t\t<div class=\"elementor-spacer\">\n\t\t\t<div class=\"elementor-spacer-inner\"><\/div>\n\t\t<\/div>\n\t\t\t\t\t\t<\/div>\n\t\t\t\t<\/div>\n\t\t\t\t\t<\/div>\n\t\t<\/div>\n\t\t\t\t\t<\/div>\n\t\t<\/section>\n\t\t\t\t<section data-particle_enable=\"false\" data-particle-mobile-disabled=\"false\" class=\"elementor-section elementor-top-section elementor-element elementor-element-af22d75 elementor-section-boxed elementor-section-height-default elementor-section-height-default\" data-id=\"af22d75\" data-element_type=\"section\" data-settings=\"{&quot;_ha_eqh_enable&quot;:false}\">\n\t\t\t\t\t\t<div class=\"elementor-container elementor-column-gap-default\">\n\t\t\t\t\t<div class=\"elementor-column elementor-col-100 elementor-top-column elementor-element elementor-element-2ab402b\" data-id=\"2ab402b\" data-element_type=\"column\" data-settings=\"{&quot;background_background&quot;:&quot;classic&quot;}\">\n\t\t\t<div class=\"elementor-widget-wrap elementor-element-populated\">\n\t\t\t\t\t\t<div class=\"elementor-element elementor-element-267a414 elementor-widget-mobile__width-inherit elementor-widget elementor-widget-heading\" data-id=\"267a414\" data-element_type=\"widget\" data-settings=\"{&quot;_animation&quot;:&quot;none&quot;,&quot;_animation_tablet&quot;:&quot;none&quot;,&quot;_animation_mobile&quot;:&quot;none&quot;,&quot;motion_fx_motion_fx_scrolling&quot;:&quot;yes&quot;,&quot;motion_fx_translateX_effect&quot;:&quot;yes&quot;,&quot;motion_fx_translateX_direction&quot;:&quot;negative&quot;,&quot;motion_fx_translateX_speed&quot;:{&quot;unit&quot;:&quot;px&quot;,&quot;size&quot;:3,&quot;sizes&quot;:[]},&quot;motion_fx_range&quot;:&quot;viewport&quot;,&quot;motion_fx_translateX_affectedRange&quot;:{&quot;unit&quot;:&quot;%&quot;,&quot;size&quot;:&quot;&quot;,&quot;sizes&quot;:{&quot;start&quot;:0,&quot;end&quot;:100}},&quot;motion_fx_devices&quot;:[&quot;desktop&quot;,&quot;tablet&quot;,&quot;mobile&quot;]}\" data-widget_type=\"heading.default\">\n\t\t\t\t<div class=\"elementor-widget-container\">\n\t\t\t\t\t<h2 class=\"elementor-heading-title elementor-size-default\">Elternverein<br>\n<\/h2>\t\t\t\t<\/div>\n\t\t\t\t<\/div>\n\t\t\t\t\t<\/div>\n\t\t<\/div>\n\t\t\t\t\t<\/div>\n\t\t<\/section>\n\t\t<div data-particle_enable=\"false\" data-particle-mobile-disabled=\"false\" class=\"elementor-element elementor-element-99707e0 e-flex e-con-boxed e-con e-parent\" data-id=\"99707e0\" data-element_type=\"container\" data-settings=\"{&quot;_ha_eqh_enable&quot;:false}\">\n\t\t\t\t\t<div class=\"e-con-inner\">\n\t\t\t\t<div class=\"elementor-element elementor-element-01fd761 elementor-widget elementor-widget-image\" data-id=\"01fd761\" data-element_type=\"widget\" data-widget_type=\"image.default\">\n\t\t\t\t<div class=\"elementor-widget-container\">\n\t\t\t\t\t\t\t\t\t<div class=\"elementor-image\">\n\t\t\t\t\t\t\t\t\t\t\t\t\t\t\t\t\t\t\t\t\t<img fetchpriority=\"high\" decoding=\"async\" width=\"1260\" height=\"200\" src=\"https:\/\/www.fwamstetten.ac.at\/pwa\/wp-content\/uploads\/2026\/03\/Bildschirmfoto-2026-03-03-um-11.46.27.webp\" class=\"attachment-large size-large wp-image-992826 not-transparent\" alt=\"\" srcset=\"https:\/\/www.fwamstetten.ac.at\/pwa\/wp-content\/uploads\/2026\/03\/Bildschirmfoto-2026-03-03-um-11.46.27.webp 2000w, https:\/\/www.fwamstetten.ac.at\/pwa\/wp-content\/uploads\/2026\/03\/Bildschirmfoto-2026-03-03-um-11.46.27-1920x304.webp 1920w, https:\/\/www.fwamstetten.ac.at\/pwa\/wp-content\/uploads\/2026\/03\/Bildschirmfoto-2026-03-03-um-11.46.27-768x122.webp 768w\" sizes=\"(max-width: 1260px) 100vw, 1260px\" data-has-transparency=\"false\" data-dominant-color=\"f8f6f1\" style=\"--dominant-color: #f8f6f1;\" \/>\t\t\t\t\t\t\t\t\t\t\t\t\t\t\t\t\t\t\t\t\t\t\t\t<\/div>\n\t\t\t\t\t\t\t\t<\/div>\n\t\t\t\t<\/div>\n\t\t\t\t\t<\/div>\n\t\t\t\t<\/div>\n\t\t<div data-particle_enable=\"false\" data-particle-mobile-disabled=\"false\" class=\"elementor-element elementor-element-f35dc17 e-flex e-con-boxed e-con e-parent\" data-id=\"f35dc17\" data-element_type=\"container\" data-settings=\"{&quot;_ha_eqh_enable&quot;:false}\">\n\t\t\t\t\t<div class=\"e-con-inner\">\n\t\t\t\t<div class=\"elementor-element elementor-element-a53433a elementor-widget elementor-widget-heading\" data-id=\"a53433a\" data-element_type=\"widget\" data-widget_type=\"heading.default\">\n\t\t\t\t<div class=\"elementor-widget-container\">\n\t\t\t\t\t<h2 class=\"elementor-heading-title elementor-size-default\">Liebe Sch\u00fcler:innen, Eltern und Lehrer:innen!\n<br><br>\n\n<span style=\"font-weight: normal;\">Unser Elternverein wurde 1986 gegr\u00fcndet. Ihm geh\u00f6ren\ndie vier Amstettner Schulen des Vereins f\u00fcr Franziskanische Bildung an:\n<br><br>\n- Private Volksschule (PVS)<br>\n- Private Mittelschule (PMS)<br>\n- Schulen f\u00fcr wirtschaftliche Bildung (HLW, FW, ALW, EWF)<br>\n- Bildungsanstalt f\u00fcr Elementarp\u00e4dagogik (BAfEP)\n<br><br>Der Elternverein, eine Interessensvertretung aller vier Schulen, stellt ein wichtiges Bindeglied in der Zusammenarbeit zwischen Schule und Elternhaus dar. Diese Zusammenarbeit und ein offenes, gutes Gespr\u00e4chsklima zwischen\n<br><br>\n- Eltern,<br>\n- Lehrerinnen und Lehrern und<br>\n- Sch\u00fclerinnen und Sch\u00fclern<br>\n<br>\nsind ein wesentlicher Beitrag f\u00fcr die bestm\u00f6gliche F\u00f6rderung unserer Kinder.\n<br><br>\nMit den Mitgliedsbeitr\u00e4gen wird der Ankauf von Unterrichtsmitteln f\u00fcr einen zeitgem\u00e4\u00dfen Unterricht unterst\u00fctzt. Au\u00dferdem gew\u00e4hrt der Verein bei unterschiedlichen Schulveranstaltungen (Schikurs, Sprachwoche, \u2026) Unterst\u00fctzung. Der aktuelle Mitgliedsbeitrag betr\u00e4gt \u20ac 15,00. F\u00fcr Fragen, Vorschl\u00e4ge oder Verbesserungsw\u00fcnsche kontaktieren Sie bitte die Obfrau: <a href=\"mailto:ev.franziskanerinnen@gmail.com\"><u>ev.franziskanerinnen@gmail.com<\/u><\/a><\/span><\/h2>\t\t\t\t<\/div>\n\t\t\t\t<\/div>\n\t\t\t\t\t<\/div>\n\t\t\t\t<\/div>\n\t\t<div data-particle_enable=\"false\" data-particle-mobile-disabled=\"false\" class=\"elementor-element elementor-element-21dc7ec e-grid e-con-boxed e-con e-parent\" data-id=\"21dc7ec\" data-element_type=\"container\" data-settings=\"{&quot;background_background&quot;:&quot;classic&quot;,&quot;_ha_eqh_enable&quot;:false}\">\n\t\t\t\t\t<div class=\"e-con-inner\">\n\t\t\t\t<div class=\"elementor-element elementor-element-7bc44f7 elementor-widget elementor-widget-heading\" data-id=\"7bc44f7\" data-element_type=\"widget\" data-widget_type=\"heading.default\">\n\t\t\t\t<div class=\"elementor-widget-container\">\n\t\t\t\t\t<h2 class=\"elementor-heading-title elementor-size-default\">Kontonummern des Elternvereins:<br><br>\nEmpf\u00e4ngername: <br>Elternverein der Schulen des Tr\u00e4gervereins der Franziskanerinnen Amste\n<br>Verwendungszweck: <br>\nMitgliedsbeitrag EV + Name des Kindes\n(Einmaliger Beitrag bei mehreren Kindern)\n<br>\n<br>Private Volksschule (PVS):<br>\nAT09 3202 5004 0001 1403<br><br>\nPrivate Mittelschule (PMS):<br>\nAT71 3202 5001 0001 1403<br><br>\nBAfEP:<br>\nAT62 3202 5003 0001 1403<br><br>\nWirtschaftsschulen (HLW, FW, ALW, EWF):<br>\nAT18 3202 5002 0001 1403\n<\/h2>\t\t\t\t<\/div>\n\t\t\t\t<\/div>\n\t\t\t\t<div class=\"elementor-element elementor-element-a87230d eael-team-align-centered elementor-widget elementor-widget-eael-team-member\" data-id=\"a87230d\" data-element_type=\"widget\" data-widget_type=\"eael-team-member.default\">\n\t\t\t\t<div class=\"elementor-widget-container\">\n\t\t\t\t\t\n\n\t<div id=\"eael-team-member-a87230d\" class=\"eael-team-item eael-team-members-circle \">\n\t\t<div class=\"eael-team-item-inner\">\n\t\t\t<div class=\"eael-team-image\">\n\t\t\t\t<figure>\n\t\t\t\t\t\t\t\t\t\t<img decoding=\"async\" src=\"https:\/\/www.fwamstetten.ac.at\/pwa\/wp-content\/uploads\/2026\/03\/IMG_5747.webp\" alt=\"\">\n\t\t\t\t\t\t\t\t\t<\/figure>\n\t\t\t\t\n\t\t\t\t\n\t\t\t<\/div>\n\n\t\t\t<div class=\"eael-team-content\">\n\t\t\t\t<h2 class=\"eael-team-member-name\">Sonja Jandl<\/h2><h3 class=\"eael-team-member-position\">Obfrau<\/h3>\n\t\t\t\t\t\t\t\t\t\t\t\t\t\t\t<ul class=\"eael-team-member-social-profiles\">\n\t\t\t\t\t\t\t\t\t\t\t\t\t\t\t\t\t\t\t\t\t\t\t\t\t\t\t\t\t\t\t\t\t\t\t\t\t\t\t\t\t<li class=\"eael-team-member-social-link\">\n\t\t\t\t\t\t\t\t\t\t<a href=\"mailto:ev.franziskanerinnen@gmail.com\" target=\"_blank\">\n\t\t\t\t\t\t\t\t\t\t\t\t\t\t\t\t\t\t\t\t\t\t\t<i aria-hidden=\"true\" class=\"huge huge-mail-01\"><\/i>\t\t\t\t\t\t\t\t\t\t\t\t\t\t\t\t\t\t\t\t\t<\/a>\n\t\t\t\t\t\t\t\t\t<\/li>\n\t\t\t\t\t\t\t\t\t\t\t\t\t\t\t\t\t\t\t\t\t<\/ul>\n\t\t\t\t\t\t\t\t\t\t<p class=\"eael-team-text\"><\/p>\n\t\t\t\t\t\t\t<\/div>\n\t\t<\/div>\n\t<\/div>\n\t\t\t\t\t<\/div>\n\t\t\t\t<\/div>\n\t\t\t\t\t<\/div>\n\t\t\t\t<\/div>\n\t\t<div data-particle_enable=\"false\" data-particle-mobile-disabled=\"false\" class=\"elementor-element elementor-element-17eb8ef e-flex e-con-boxed e-con e-parent\" data-id=\"17eb8ef\" data-element_type=\"container\" data-settings=\"{&quot;background_background&quot;:&quot;classic&quot;,&quot;_ha_eqh_enable&quot;:false}\">\n\t\t\t\t\t<div class=\"e-con-inner\">\n\t\t\t\t<div class=\"elementor-element elementor-element-caddfe7 elementor-widget elementor-widget-heading\" data-id=\"caddfe7\" data-element_type=\"widget\" data-widget_type=\"heading.default\">\n\t\t\t\t<div class=\"elementor-widget-container\">\n\t\t\t\t\t<h2 class=\"elementor-heading-title elementor-size-default\"><a href=\"https:\/\/www.fwamstetten.ac.at\/pwa\/wp-content\/uploads\/2026\/03\/Vorstandsmitglieder-2025_26.pdf\">zu allen Vorstandsmitgliedern: <u>hier klicken<\/u><\/a><\/h2>\t\t\t\t<\/div>\n\t\t\t\t<\/div>\n\t\t\t\t\t<\/div>\n\t\t\t\t<\/div>\n\t\t\t\t<\/div>\n\t\t","protected":false},"excerpt":{"rendered":"<p>Elternverein Liebe Sch\u00fcler:innen, Eltern und Lehrer:innen! Unser Elternverein wurde 1986 gegr\u00fcndet. Ihm geh\u00f6ren die vier Amstettner Schulen des Vereins f\u00fcr Franziskanische Bildung an: &#8211; Private Volksschule (PVS) &#8211; Private Mittelschule (PMS) &#8211; Schulen f\u00fcr wirtschaftliche Bildung (HLW, FW, ALW, EWF) &#8211; Bildungsanstalt f\u00fcr Elementarp\u00e4dagogik (BAfEP) Der Elternverein, eine Interessensvertretung aller vier Schulen, stellt ein wichtiges&#8230;<\/p>\n","protected":false},"author":4,"featured_media":0,"parent":989652,"menu_order":0,"comment_status":"closed","ping_status":"closed","template":"","meta":{"footnotes":""},"class_list":["post-992812","page","type-page","status-publish","hentry"],"yoast_head":"<!-- This site is optimized with the Yoast SEO plugin v26.9 - https:\/\/yoast.com\/product\/yoast-seo-wordpress\/ -->\n<title>Elternverein2 - Wirtschaftsschulen Franziskaner Amstetten<\/title>\n<meta name=\"robots\" content=\"index, follow, max-snippet:-1, max-image-preview:large, max-video-preview:-1\" \/>\n<link rel=\"canonical\" href=\"https:\/\/www.fwamstetten.ac.at\/pwa\/ueber-uns\/elternverein2\/\" \/>\n<meta property=\"og:locale\" content=\"de_DE\" \/>\n<meta property=\"og:type\" content=\"article\" \/>\n<meta property=\"og:title\" content=\"Elternverein2 - Wirtschaftsschulen Franziskaner Amstetten\" \/>\n<meta property=\"og:description\" content=\"Elternverein Liebe Sch\u00fcler:innen, Eltern und Lehrer:innen! Unser Elternverein wurde 1986 gegr\u00fcndet. Ihm geh\u00f6ren die vier Amstettner Schulen des Vereins f\u00fcr Franziskanische Bildung an: &#8211; Private Volksschule (PVS) &#8211; Private Mittelschule (PMS) &#8211; Schulen f\u00fcr wirtschaftliche Bildung (HLW, FW, ALW, EWF) &#8211; Bildungsanstalt f\u00fcr Elementarp\u00e4dagogik (BAfEP) Der Elternverein, eine Interessensvertretung aller vier Schulen, stellt ein wichtiges...\" \/>\n<meta property=\"og:url\" content=\"https:\/\/www.fwamstetten.ac.at\/pwa\/ueber-uns\/elternverein2\/\" \/>\n<meta property=\"og:site_name\" content=\"Wirtschaftsschulen Franziskaner Amstetten\" \/>\n<meta property=\"article:modified_time\" content=\"2026-03-19T09:50:25+00:00\" \/>\n<meta property=\"og:image\" content=\"https:\/\/www.fwamstetten.ac.at\/pwa\/wp-content\/uploads\/2026\/03\/Bildschirmfoto-2026-03-03-um-11.46.27.webp\" \/>\n\t<meta property=\"og:image:width\" content=\"2000\" \/>\n\t<meta property=\"og:image:height\" content=\"317\" \/>\n\t<meta property=\"og:image:type\" content=\"image\/webp\" \/>\n<meta name=\"twitter:card\" content=\"summary_large_image\" \/>\n<meta name=\"twitter:label1\" content=\"Gesch\u00e4tzte Lesezeit\" \/>\n\t<meta name=\"twitter:data1\" content=\"2\u00a0Minuten\" \/>\n<script type=\"application\/ld+json\" class=\"yoast-schema-graph\">{\"@context\":\"https:\/\/schema.org\",\"@graph\":[{\"@type\":\"WebPage\",\"@id\":\"https:\/\/www.fwamstetten.ac.at\/pwa\/ueber-uns\/elternverein2\/\",\"url\":\"https:\/\/www.fwamstetten.ac.at\/pwa\/ueber-uns\/elternverein2\/\",\"name\":\"Elternverein2 - Wirtschaftsschulen Franziskaner Amstetten\",\"isPartOf\":{\"@id\":\"https:\/\/www.fwamstetten.ac.at\/pwa\/#website\"},\"primaryImageOfPage\":{\"@id\":\"https:\/\/www.fwamstetten.ac.at\/pwa\/ueber-uns\/elternverein2\/#primaryimage\"},\"image\":{\"@id\":\"https:\/\/www.fwamstetten.ac.at\/pwa\/ueber-uns\/elternverein2\/#primaryimage\"},\"thumbnailUrl\":\"https:\/\/www.fwamstetten.ac.at\/pwa\/wp-content\/uploads\/2026\/03\/Bildschirmfoto-2026-03-03-um-11.46.27.webp\",\"datePublished\":\"2026-03-03T09:47:11+00:00\",\"dateModified\":\"2026-03-19T09:50:25+00:00\",\"breadcrumb\":{\"@id\":\"https:\/\/www.fwamstetten.ac.at\/pwa\/ueber-uns\/elternverein2\/#breadcrumb\"},\"inLanguage\":\"de\",\"potentialAction\":[{\"@type\":\"ReadAction\",\"target\":[\"https:\/\/www.fwamstetten.ac.at\/pwa\/ueber-uns\/elternverein2\/\"]}]},{\"@type\":\"ImageObject\",\"inLanguage\":\"de\",\"@id\":\"https:\/\/www.fwamstetten.ac.at\/pwa\/ueber-uns\/elternverein2\/#primaryimage\",\"url\":\"https:\/\/www.fwamstetten.ac.at\/pwa\/wp-content\/uploads\/2026\/03\/Bildschirmfoto-2026-03-03-um-11.46.27.webp\",\"contentUrl\":\"https:\/\/www.fwamstetten.ac.at\/pwa\/wp-content\/uploads\/2026\/03\/Bildschirmfoto-2026-03-03-um-11.46.27.webp\",\"width\":2000,\"height\":317},{\"@type\":\"BreadcrumbList\",\"@id\":\"https:\/\/www.fwamstetten.ac.at\/pwa\/ueber-uns\/elternverein2\/#breadcrumb\",\"itemListElement\":[{\"@type\":\"ListItem\",\"position\":1,\"name\":\"Home\",\"item\":\"https:\/\/www.fwamstetten.ac.at\/pwa\/\"},{\"@type\":\"ListItem\",\"position\":2,\"name\":\"\u00dcber uns\",\"item\":\"https:\/\/www.fwamstetten.ac.at\/pwa\/ueber-uns\/\"},{\"@type\":\"ListItem\",\"position\":3,\"name\":\"Elternverein2\"}]},{\"@type\":\"WebSite\",\"@id\":\"https:\/\/www.fwamstetten.ac.at\/pwa\/#website\",\"url\":\"https:\/\/www.fwamstetten.ac.at\/pwa\/\",\"name\":\"Wirtschaftsschulen Franziskaner Amstetten\",\"description\":\"Wir schaffen Perspektiven\",\"publisher\":{\"@id\":\"https:\/\/www.fwamstetten.ac.at\/pwa\/#organization\"},\"potentialAction\":[{\"@type\":\"SearchAction\",\"target\":{\"@type\":\"EntryPoint\",\"urlTemplate\":\"https:\/\/www.fwamstetten.ac.at\/pwa\/?s={search_term_string}\"},\"query-input\":{\"@type\":\"PropertyValueSpecification\",\"valueRequired\":true,\"valueName\":\"search_term_string\"}}],\"inLanguage\":\"de\"},{\"@type\":\"Organization\",\"@id\":\"https:\/\/www.fwamstetten.ac.at\/pwa\/#organization\",\"name\":\"Wirtschaftsschulen Franziskaner Amstetten\",\"url\":\"https:\/\/www.fwamstetten.ac.at\/pwa\/\",\"logo\":{\"@type\":\"ImageObject\",\"inLanguage\":\"de\",\"@id\":\"https:\/\/www.fwamstetten.ac.at\/pwa\/#\/schema\/logo\/image\/\",\"url\":\"https:\/\/www.fwamstetten.ac.at\/pwa\/wp-content\/uploads\/2020\/02\/Logo_Private_Wirtschaftsschulen_Amstetten_Final.png\",\"contentUrl\":\"https:\/\/www.fwamstetten.ac.at\/pwa\/wp-content\/uploads\/2020\/02\/Logo_Private_Wirtschaftsschulen_Amstetten_Final.png\",\"width\":1342,\"height\":550,\"caption\":\"Wirtschaftsschulen Franziskaner Amstetten\"},\"image\":{\"@id\":\"https:\/\/www.fwamstetten.ac.at\/pwa\/#\/schema\/logo\/image\/\"}}]}<\/script>\n<!-- \/ Yoast SEO plugin. -->","yoast_head_json":{"title":"Elternverein2 - Wirtschaftsschulen Franziskaner Amstetten","robots":{"index":"index","follow":"follow","max-snippet":"max-snippet:-1","max-image-preview":"max-image-preview:large","max-video-preview":"max-video-preview:-1"},"canonical":"https:\/\/www.fwamstetten.ac.at\/pwa\/ueber-uns\/elternverein2\/","og_locale":"de_DE","og_type":"article","og_title":"Elternverein2 - Wirtschaftsschulen Franziskaner Amstetten","og_description":"Elternverein Liebe Sch\u00fcler:innen, Eltern und Lehrer:innen! Unser Elternverein wurde 1986 gegr\u00fcndet. Ihm geh\u00f6ren die vier Amstettner Schulen des Vereins f\u00fcr Franziskanische Bildung an: &#8211; Private Volksschule (PVS) &#8211; Private Mittelschule (PMS) &#8211; Schulen f\u00fcr wirtschaftliche Bildung (HLW, FW, ALW, EWF) &#8211; Bildungsanstalt f\u00fcr Elementarp\u00e4dagogik (BAfEP) Der Elternverein, eine Interessensvertretung aller vier Schulen, stellt ein wichtiges...","og_url":"https:\/\/www.fwamstetten.ac.at\/pwa\/ueber-uns\/elternverein2\/","og_site_name":"Wirtschaftsschulen Franziskaner Amstetten","article_modified_time":"2026-03-19T09:50:25+00:00","og_image":[{"width":2000,"height":317,"url":"https:\/\/www.fwamstetten.ac.at\/pwa\/wp-content\/uploads\/2026\/03\/Bildschirmfoto-2026-03-03-um-11.46.27.webp","type":"image\/webp"}],"twitter_card":"summary_large_image","twitter_misc":{"Gesch\u00e4tzte Lesezeit":"2\u00a0Minuten"},"schema":{"@context":"https:\/\/schema.org","@graph":[{"@type":"WebPage","@id":"https:\/\/www.fwamstetten.ac.at\/pwa\/ueber-uns\/elternverein2\/","url":"https:\/\/www.fwamstetten.ac.at\/pwa\/ueber-uns\/elternverein2\/","name":"Elternverein2 - Wirtschaftsschulen Franziskaner Amstetten","isPartOf":{"@id":"https:\/\/www.fwamstetten.ac.at\/pwa\/#website"},"primaryImageOfPage":{"@id":"https:\/\/www.fwamstetten.ac.at\/pwa\/ueber-uns\/elternverein2\/#primaryimage"},"image":{"@id":"https:\/\/www.fwamstetten.ac.at\/pwa\/ueber-uns\/elternverein2\/#primaryimage"},"thumbnailUrl":"https:\/\/www.fwamstetten.ac.at\/pwa\/wp-content\/uploads\/2026\/03\/Bildschirmfoto-2026-03-03-um-11.46.27.webp","datePublished":"2026-03-03T09:47:11+00:00","dateModified":"2026-03-19T09:50:25+00:00","breadcrumb":{"@id":"https:\/\/www.fwamstetten.ac.at\/pwa\/ueber-uns\/elternverein2\/#breadcrumb"},"inLanguage":"de","potentialAction":[{"@type":"ReadAction","target":["https:\/\/www.fwamstetten.ac.at\/pwa\/ueber-uns\/elternverein2\/"]}]},{"@type":"ImageObject","inLanguage":"de","@id":"https:\/\/www.fwamstetten.ac.at\/pwa\/ueber-uns\/elternverein2\/#primaryimage","url":"https:\/\/www.fwamstetten.ac.at\/pwa\/wp-content\/uploads\/2026\/03\/Bildschirmfoto-2026-03-03-um-11.46.27.webp","contentUrl":"https:\/\/www.fwamstetten.ac.at\/pwa\/wp-content\/uploads\/2026\/03\/Bildschirmfoto-2026-03-03-um-11.46.27.webp","width":2000,"height":317},{"@type":"BreadcrumbList","@id":"https:\/\/www.fwamstetten.ac.at\/pwa\/ueber-uns\/elternverein2\/#breadcrumb","itemListElement":[{"@type":"ListItem","position":1,"name":"Home","item":"https:\/\/www.fwamstetten.ac.at\/pwa\/"},{"@type":"ListItem","position":2,"name":"\u00dcber uns","item":"https:\/\/www.fwamstetten.ac.at\/pwa\/ueber-uns\/"},{"@type":"ListItem","position":3,"name":"Elternverein2"}]},{"@type":"WebSite","@id":"https:\/\/www.fwamstetten.ac.at\/pwa\/#website","url":"https:\/\/www.fwamstetten.ac.at\/pwa\/","name":"Wirtschaftsschulen Franziskaner Amstetten","description":"Wir schaffen Perspektiven","publisher":{"@id":"https:\/\/www.fwamstetten.ac.at\/pwa\/#organization"},"potentialAction":[{"@type":"SearchAction","target":{"@type":"EntryPoint","urlTemplate":"https:\/\/www.fwamstetten.ac.at\/pwa\/?s={search_term_string}"},"query-input":{"@type":"PropertyValueSpecification","valueRequired":true,"valueName":"search_term_string"}}],"inLanguage":"de"},{"@type":"Organization","@id":"https:\/\/www.fwamstetten.ac.at\/pwa\/#organization","name":"Wirtschaftsschulen Franziskaner Amstetten","url":"https:\/\/www.fwamstetten.ac.at\/pwa\/","logo":{"@type":"ImageObject","inLanguage":"de","@id":"https:\/\/www.fwamstetten.ac.at\/pwa\/#\/schema\/logo\/image\/","url":"https:\/\/www.fwamstetten.ac.at\/pwa\/wp-content\/uploads\/2020\/02\/Logo_Private_Wirtschaftsschulen_Amstetten_Final.png","contentUrl":"https:\/\/www.fwamstetten.ac.at\/pwa\/wp-content\/uploads\/2020\/02\/Logo_Private_Wirtschaftsschulen_Amstetten_Final.png","width":1342,"height":550,"caption":"Wirtschaftsschulen Franziskaner Amstetten"},"image":{"@id":"https:\/\/www.fwamstetten.ac.at\/pwa\/#\/schema\/logo\/image\/"}}]}},"_links":{"self":[{"href":"https:\/\/www.fwamstetten.ac.at\/pwa\/wp-json\/wp\/v2\/pages\/992812","targetHints":{"allow":["GET"]}}],"collection":[{"href":"https:\/\/www.fwamstetten.ac.at\/pwa\/wp-json\/wp\/v2\/pages"}],"about":[{"href":"https:\/\/www.fwamstetten.ac.at\/pwa\/wp-json\/wp\/v2\/types\/page"}],"author":[{"embeddable":true,"href":"https:\/\/www.fwamstetten.ac.at\/pwa\/wp-json\/wp\/v2\/users\/4"}],"replies":[{"embeddable":true,"href":"https:\/\/www.fwamstetten.ac.at\/pwa\/wp-json\/wp\/v2\/comments?post=992812"}],"version-history":[{"count":58,"href":"https:\/\/www.fwamstetten.ac.at\/pwa\/wp-json\/wp\/v2\/pages\/992812\/revisions"}],"predecessor-version":[{"id":992913,"href":"https:\/\/www.fwamstetten.ac.at\/pwa\/wp-json\/wp\/v2\/pages\/992812\/revisions\/992913"}],"up":[{"embeddable":true,"href":"https:\/\/www.fwamstetten.ac.at\/pwa\/wp-json\/wp\/v2\/pages\/989652"}],"wp:attachment":[{"href":"https:\/\/www.fwamstetten.ac.at\/pwa\/wp-json\/wp\/v2\/media?parent=992812"}],"curies":[{"name":"wp","href":"https:\/\/api.w.org\/{rel}","templated":true}]}}